{"id":107,"date":"2026-08-06T18:08:25","date_gmt":"2026-08-06T18:08:25","guid":{"rendered":"https:\/\/ato-tagung.de\/referierende\/"},"modified":"2026-08-30T15:22:51","modified_gmt":"2026-08-30T15:22:51","slug":"referierende","status":"publish","type":"page","link":"https:\/\/ato-tagung.de\/en\/referierende\/","title":{"rendered":"Referierende"},"content":{"rendered":"<h2 class=\"wp-block-heading\">Veranstalter<\/h2>\n\n\n\n<div class=\"wp-block-columns has-border-color has-custom-hellgrau-background-color has-background is-layout-flex wp-container-core-columns-is-layout-6b609bc8 wp-block-columns-is-layout-flex\" style=\"border-color:#d9d9d9;border-width:3px;border-top-left-radius:38px;border-top-right-radius:38px;border-bottom-left-radius:38px;border-bottom-right-radius:38px;padding-top:var(--wp--preset--spacing--20);padding-right:var(--wp--preset--spacing--20);padding-bottom:var(--wp--preset--spacing--20);padding-left:var(--wp--preset--spacing--20)\">\n<div class=\"wp-block-column is-layout-flow wp-block-column-is-layout-flow\" style=\"flex-basis:33.33%\">\n<div class=\"wp-block-group has-global-padding is-layout-constrained wp-container-core-group-is-layout-85ec7ad2 wp-block-group-is-layout-constrained\" style=\"margin-top:0;margin-bottom:0;padding-right:0;padding-left:0\">\n<figure class=\"wp-block-image aligncenter size-full is-resized has-custom-border is-style-rounded\" style=\"margin-top:0;margin-right:0;margin-bottom:0;margin-left:0\"><img loading=\"lazy\" decoding=\"async\" width=\"800\" height=\"1000\" src=\"https:\/\/ato-tagung.de\/wp-content\/uploads\/2026\/08\/Prof.-Harder-2.jpg\" alt=\"Bild Prof. Dr. med. Jan Harder\" class=\"has-border-color wp-image-718\" style=\"border-color:#2fa950;border-width:3px;border-top-left-radius:300px;border-top-right-radius:300px;border-bottom-left-radius:300px;border-bottom-right-radius:300px;aspect-ratio:1;object-fit:cover;object-position:44% 30%;width:202px;height:auto\"\/><\/figure>\n<\/div>\n<\/div>\n\n\n\n<div class=\"wp-block-column is-layout-flow wp-block-column-is-layout-flow\" style=\"flex-basis:66.66%\">\n<div class=\"wp-block-group has-global-padding is-content-justification-left is-layout-constrained wp-container-core-group-is-layout-8c95e002 wp-block-group-is-layout-constrained\" style=\"padding-top:var(--wp--preset--spacing--40);padding-bottom:var(--wp--preset--spacing--40)\">\n<h3 class=\"wp-block-heading\">Prof. Dr. med. Jan Harder<\/h3>\n\n\n\n<p class=\"has-medium-font-size wp-block-paragraph\">Sprecher der ATO<br>Chefarzt II. Medizinische Klinik<br>Hegau Bodensee Klinikum GmbH<\/p>\n<\/div>\n<\/div>\n<\/div>\n\n\n\n<div class=\"wp-block-columns has-border-color has-custom-hellgrau-background-color has-background is-layout-flex wp-container-core-columns-is-layout-6b609bc8 wp-block-columns-is-layout-flex\" style=\"border-color:#d9d9d9;border-width:3px;border-top-left-radius:38px;border-top-right-radius:38px;border-bottom-left-radius:38px;border-bottom-right-radius:38px;padding-top:var(--wp--preset--spacing--20);padding-right:var(--wp--preset--spacing--20);padding-bottom:var(--wp--preset--spacing--20);padding-left:var(--wp--preset--spacing--20)\">\n<div class=\"wp-block-column is-layout-flow wp-block-column-is-layout-flow\" style=\"flex-basis:33.33%\">\n<div class=\"wp-block-group has-global-padding is-layout-constrained wp-container-core-group-is-layout-85ec7ad2 wp-block-group-is-layout-constrained\" style=\"margin-top:0;margin-bottom:0;padding-right:0;padding-left:0\">\n<figure class=\"wp-block-image aligncenter size-full is-resized has-custom-border is-style-rounded\" style=\"margin-top:0;margin-right:0;margin-bottom:0;margin-left:0\"><img loading=\"lazy\" decoding=\"async\" width=\"1178\" height=\"1186\" src=\"https:\/\/ato-tagung.de\/wp-content\/uploads\/2026\/08\/Prof.-Martens-scaled-e1786124077176.jpg\" alt=\"Bild Prof. Dr. med. Dr. h.c. Uwe martens\" class=\"has-border-color wp-image-776\" style=\"border-color:#2fa950;border-width:3px;border-top-left-radius:300px;border-top-right-radius:300px;border-bottom-left-radius:300px;border-bottom-right-radius:300px;aspect-ratio:1;object-fit:cover;object-position:33% 50%;width:202px;height:auto\" srcset=\"https:\/\/ato-tagung.de\/wp-content\/uploads\/2026\/08\/Prof.-Martens-scaled-e1786124077176.jpg 1178w, https:\/\/ato-tagung.de\/wp-content\/uploads\/2026\/08\/Prof.-Martens-scaled-e1786124077176-298x300.jpg 298w, https:\/\/ato-tagung.de\/wp-content\/uploads\/2026\/08\/Prof.-Martens-scaled-e1786124077176-1017x1024.jpg 1017w, https:\/\/ato-tagung.de\/wp-content\/uploads\/2026\/08\/Prof.-Martens-scaled-e1786124077176-150x150.jpg 150w, https:\/\/ato-tagung.de\/wp-content\/uploads\/2026\/08\/Prof.-Martens-scaled-e1786124077176-768x773.jpg 768w, https:\/\/ato-tagung.de\/wp-content\/uploads\/2026\/08\/Prof.-Martens-scaled-e1786124077176-12x12.jpg 12w\" sizes=\"auto, (max-width: 1178px) 100vw, 1178px\" \/><\/figure>\n<\/div>\n<\/div>\n\n\n\n<div class=\"wp-block-column is-layout-flow wp-block-column-is-layout-flow\" style=\"flex-basis:66.66%\">\n<div class=\"wp-block-group has-global-padding is-content-justification-left is-layout-constrained wp-container-core-group-is-layout-8c95e002 wp-block-group-is-layout-constrained\" style=\"padding-top:var(--wp--preset--spacing--40);padding-bottom:var(--wp--preset--spacing--40)\">\n<h3 class=\"wp-block-heading\">Prof. Dr. med. Dr. h.c. Uwe Martens<\/h3>\n\n\n\n<p class=\"has-medium-font-size wp-block-paragraph\">Vorstandsvorsitzender Krebsverband Baden-W\u00fcrttemberg e.V.<br>Direktor der Klinik f\u00fcr Innere Medizin III<br>SLK-Kliniken Heilbronn GmbH<\/p>\n<\/div>\n<\/div>\n<\/div>\n\n\n\n<div style=\"height:20px\" aria-hidden=\"true\" class=\"wp-block-spacer\"><\/div>\n\n\n\n<h2 class=\"wp-block-heading\">Gru\u00dfworte<\/h2>\n\n\n\n<div class=\"wp-block-columns has-border-color has-custom-hellgrau-background-color has-background is-layout-flex wp-container-core-columns-is-layout-6b609bc8 wp-block-columns-is-layout-flex\" style=\"border-color:#d9d9d9;border-width:3px;border-top-left-radius:38px;border-top-right-radius:38px;border-bottom-left-radius:38px;border-bottom-right-radius:38px;padding-top:var(--wp--preset--spacing--20);padding-right:var(--wp--preset--spacing--20);padding-bottom:var(--wp--preset--spacing--20);padding-left:var(--wp--preset--spacing--20)\">\n<div class=\"wp-block-column is-layout-flow wp-block-column-is-layout-flow\" style=\"flex-basis:33.33%\">\n<div class=\"wp-block-group has-global-padding is-layout-constrained wp-container-core-group-is-layout-85ec7ad2 wp-block-group-is-layout-constrained\" style=\"margin-top:0;margin-bottom:0;padding-right:0;padding-left:0\">\n<figure class=\"wp-block-image aligncenter size-full is-resized has-custom-border is-style-rounded\" style=\"margin-top:0;margin-right:0;margin-bottom:0;margin-left:0\"><img loading=\"lazy\" decoding=\"async\" width=\"360\" height=\"360\" src=\"https:\/\/ato-tagung.de\/wp-content\/uploads\/2026\/08\/No_person_avatar.png\" alt=\"\" class=\"has-border-color wp-image-1487\" style=\"border-color:#2fa950;border-width:3px;border-top-left-radius:300px;border-top-right-radius:300px;border-bottom-left-radius:300px;border-bottom-right-radius:300px;aspect-ratio:1;object-fit:cover;object-position:44% 30%;width:202px;height:auto\" srcset=\"https:\/\/ato-tagung.de\/wp-content\/uploads\/2026\/08\/No_person_avatar.png 360w, https:\/\/ato-tagung.de\/wp-content\/uploads\/2026\/08\/No_person_avatar-300x300.png 300w, https:\/\/ato-tagung.de\/wp-content\/uploads\/2026\/08\/No_person_avatar-150x150.png 150w, https:\/\/ato-tagung.de\/wp-content\/uploads\/2026\/08\/No_person_avatar-12x12.png 12w\" sizes=\"auto, (max-width: 360px) 100vw, 360px\" \/><\/figure>\n<\/div>\n<\/div>\n\n\n\n<div class=\"wp-block-column is-layout-flow wp-block-column-is-layout-flow\" style=\"flex-basis:66.66%\">\n<div class=\"wp-block-group has-global-padding is-content-justification-left is-layout-constrained wp-container-core-group-is-layout-8c95e002 wp-block-group-is-layout-constrained\" style=\"padding-top:var(--wp--preset--spacing--40);padding-bottom:var(--wp--preset--spacing--40)\">\n<h3 class=\"wp-block-heading\">Herr Hildenbrand<\/h3>\n\n\n\n<p class=\"has-medium-font-size wp-block-paragraph\">Minister f\u00fcr Soziales, Arbeit und Gesundheit BW<\/p>\n<\/div>\n<\/div>\n<\/div>\n\n\n\n<div class=\"wp-block-columns has-border-color has-custom-hellgrau-background-color has-background is-layout-flex wp-container-core-columns-is-layout-6b609bc8 wp-block-columns-is-layout-flex\" style=\"border-color:#d9d9d9;border-width:3px;border-top-left-radius:38px;border-top-right-radius:38px;border-bottom-left-radius:38px;border-bottom-right-radius:38px;padding-top:var(--wp--preset--spacing--20);padding-right:var(--wp--preset--spacing--20);padding-bottom:var(--wp--preset--spacing--20);padding-left:var(--wp--preset--spacing--20)\">\n<div class=\"wp-block-column is-layout-flow wp-block-column-is-layout-flow\" style=\"flex-basis:33.33%\">\n<div class=\"wp-block-group has-global-padding is-layout-constrained wp-container-core-group-is-layout-85ec7ad2 wp-block-group-is-layout-constrained\" style=\"margin-top:0;margin-bottom:0;padding-right:0;padding-left:0\">\n<figure class=\"wp-block-image aligncenter size-full is-resized has-custom-border is-style-rounded\" style=\"margin-top:0;margin-right:0;margin-bottom:0;margin-left:0\"><img loading=\"lazy\" decoding=\"async\" width=\"360\" height=\"360\" src=\"https:\/\/ato-tagung.de\/wp-content\/uploads\/2026\/08\/No_person_avatar.png\" alt=\"\" class=\"has-border-color wp-image-1487\" style=\"border-color:#2fa950;border-width:3px;border-top-left-radius:300px;border-top-right-radius:300px;border-bottom-left-radius:300px;border-bottom-right-radius:300px;aspect-ratio:1;object-fit:cover;object-position:44% 30%;width:202px;height:auto\" srcset=\"https:\/\/ato-tagung.de\/wp-content\/uploads\/2026\/08\/No_person_avatar.png 360w, https:\/\/ato-tagung.de\/wp-content\/uploads\/2026\/08\/No_person_avatar-300x300.png 300w, https:\/\/ato-tagung.de\/wp-content\/uploads\/2026\/08\/No_person_avatar-150x150.png 150w, https:\/\/ato-tagung.de\/wp-content\/uploads\/2026\/08\/No_person_avatar-12x12.png 12w\" sizes=\"auto, (max-width: 360px) 100vw, 360px\" \/><\/figure>\n<\/div>\n<\/div>\n\n\n\n<div class=\"wp-block-column is-layout-flow wp-block-column-is-layout-flow\" style=\"flex-basis:66.66%\">\n<div class=\"wp-block-group has-global-padding is-content-justification-left is-layout-constrained wp-container-core-group-is-layout-8c95e002 wp-block-group-is-layout-constrained\" style=\"padding-top:var(--wp--preset--spacing--40);padding-bottom:var(--wp--preset--spacing--40)\">\n<h3 class=\"wp-block-heading\">Herr Dr. Sigel<\/h3>\n\n\n\n<p class=\"has-medium-font-size wp-block-paragraph\">Landrat Rems-Murr-Kreis<\/p>\n<\/div>\n<\/div>\n<\/div>\n\n\n\n<div class=\"wp-block-columns has-border-color has-custom-hellgrau-background-color has-background is-layout-flex wp-container-core-columns-is-layout-6b609bc8 wp-block-columns-is-layout-flex\" style=\"border-color:#d9d9d9;border-width:3px;border-top-left-radius:38px;border-top-right-radius:38px;border-bottom-left-radius:38px;border-bottom-right-radius:38px;padding-top:var(--wp--preset--spacing--20);padding-right:var(--wp--preset--spacing--20);padding-bottom:var(--wp--preset--spacing--20);padding-left:var(--wp--preset--spacing--20)\">\n<div class=\"wp-block-column is-layout-flow wp-block-column-is-layout-flow\" style=\"flex-basis:33.33%\">\n<div class=\"wp-block-group has-global-padding is-layout-constrained wp-container-core-group-is-layout-85ec7ad2 wp-block-group-is-layout-constrained\" style=\"margin-top:0;margin-bottom:0;padding-right:0;padding-left:0\">\n<figure class=\"wp-block-image aligncenter size-full is-resized has-custom-border is-style-rounded\" style=\"margin-top:0;margin-right:0;margin-bottom:0;margin-left:0\"><img loading=\"lazy\" decoding=\"async\" width=\"360\" height=\"360\" src=\"https:\/\/ato-tagung.de\/wp-content\/uploads\/2026\/08\/No_person_avatar.png\" alt=\"\" class=\"has-border-color wp-image-1487\" style=\"border-color:#2fa950;border-width:3px;border-top-left-radius:300px;border-top-right-radius:300px;border-bottom-left-radius:300px;border-bottom-right-radius:300px;aspect-ratio:1;object-fit:cover;object-position:44% 30%;width:202px;height:auto\" srcset=\"https:\/\/ato-tagung.de\/wp-content\/uploads\/2026\/08\/No_person_avatar.png 360w, https:\/\/ato-tagung.de\/wp-content\/uploads\/2026\/08\/No_person_avatar-300x300.png 300w, https:\/\/ato-tagung.de\/wp-content\/uploads\/2026\/08\/No_person_avatar-150x150.png 150w, https:\/\/ato-tagung.de\/wp-content\/uploads\/2026\/08\/No_person_avatar-12x12.png 12w\" sizes=\"auto, (max-width: 360px) 100vw, 360px\" \/><\/figure>\n<\/div>\n<\/div>\n\n\n\n<div class=\"wp-block-column is-layout-flow wp-block-column-is-layout-flow\" style=\"flex-basis:66.66%\">\n<div class=\"wp-block-group has-global-padding is-content-justification-left is-layout-constrained wp-container-core-group-is-layout-8c95e002 wp-block-group-is-layout-constrained\" style=\"padding-top:var(--wp--preset--spacing--40);padding-bottom:var(--wp--preset--spacing--40)\">\n<h3 class=\"wp-block-heading\">Herr Mertel<\/h3>\n\n\n\n<p class=\"has-medium-font-size wp-block-paragraph\">Gesch\u00e4ftsf\u00fchrer Rems-Murr-Kliniken GmbH<\/p>\n<\/div>\n<\/div>\n<\/div>\n\n\n\n<div class=\"wp-block-columns has-border-color has-custom-hellgrau-background-color has-background is-layout-flex wp-container-core-columns-is-layout-6b609bc8 wp-block-columns-is-layout-flex\" style=\"border-color:#d9d9d9;border-width:3px;border-top-left-radius:38px;border-top-right-radius:38px;border-bottom-left-radius:38px;border-bottom-right-radius:38px;padding-top:var(--wp--preset--spacing--20);padding-right:var(--wp--preset--spacing--20);padding-bottom:var(--wp--preset--spacing--20);padding-left:var(--wp--preset--spacing--20)\">\n<div class=\"wp-block-column is-layout-flow wp-block-column-is-layout-flow\" style=\"flex-basis:33.33%\">\n<div class=\"wp-block-group has-global-padding is-layout-constrained wp-container-core-group-is-layout-85ec7ad2 wp-block-group-is-layout-constrained\" style=\"margin-top:0;margin-bottom:0;padding-right:0;padding-left:0\">\n<figure class=\"wp-block-image aligncenter size-full is-resized has-custom-border is-style-rounded\" style=\"margin-top:0;margin-right:0;margin-bottom:0;margin-left:0\"><img loading=\"lazy\" decoding=\"async\" width=\"360\" height=\"360\" src=\"https:\/\/ato-tagung.de\/wp-content\/uploads\/2026\/08\/No_person_avatar.png\" alt=\"\" class=\"has-border-color wp-image-1487\" style=\"border-color:#2fa950;border-width:3px;border-top-left-radius:300px;border-top-right-radius:300px;border-bottom-left-radius:300px;border-bottom-right-radius:300px;aspect-ratio:1;object-fit:cover;object-position:44% 30%;width:202px;height:auto\" srcset=\"https:\/\/ato-tagung.de\/wp-content\/uploads\/2026\/08\/No_person_avatar.png 360w, https:\/\/ato-tagung.de\/wp-content\/uploads\/2026\/08\/No_person_avatar-300x300.png 300w, https:\/\/ato-tagung.de\/wp-content\/uploads\/2026\/08\/No_person_avatar-150x150.png 150w, https:\/\/ato-tagung.de\/wp-content\/uploads\/2026\/08\/No_person_avatar-12x12.png 12w\" sizes=\"auto, (max-width: 360px) 100vw, 360px\" \/><\/figure>\n<\/div>\n<\/div>\n\n\n\n<div class=\"wp-block-column is-layout-flow wp-block-column-is-layout-flow\" style=\"flex-basis:66.66%\">\n<div class=\"wp-block-group has-global-padding is-content-justification-left is-layout-constrained wp-container-core-group-is-layout-8c95e002 wp-block-group-is-layout-constrained\" style=\"padding-top:var(--wp--preset--spacing--40);padding-bottom:var(--wp--preset--spacing--40)\">\n<h3 class=\"wp-block-heading\">Herr Jenner<\/h3>\n\n\n\n<p class=\"has-medium-font-size wp-block-paragraph\">CEO Firma K\u00e4rcher<\/p>\n<\/div>\n<\/div>\n<\/div>\n\n\n\n<div style=\"height:20px\" aria-hidden=\"true\" class=\"wp-block-spacer\"><\/div>\n\n\n\n<h2 class=\"wp-block-heading\">Podiumsdiskussion<\/h2>\n\n\n\n<div class=\"wp-block-columns has-border-color has-custom-hellgrau-background-color has-background is-layout-flex wp-container-core-columns-is-layout-6b609bc8 wp-block-columns-is-layout-flex\" style=\"border-color:#d9d9d9;border-width:3px;border-top-left-radius:38px;border-top-right-radius:38px;border-bottom-left-radius:38px;border-bottom-right-radius:38px;padding-top:var(--wp--preset--spacing--20);padding-right:var(--wp--preset--spacing--20);padding-bottom:var(--wp--preset--spacing--20);padding-left:var(--wp--preset--spacing--20)\">\n<div class=\"wp-block-column is-layout-flow wp-block-column-is-layout-flow\" style=\"flex-basis:33.33%\">\n<div class=\"wp-block-group has-global-padding is-layout-constrained wp-container-core-group-is-layout-85ec7ad2 wp-block-group-is-layout-constrained\" style=\"margin-top:0;margin-bottom:0;padding-right:0;padding-left:0\">\n<figure class=\"wp-block-image aligncenter size-full is-resized has-custom-border is-style-rounded\" style=\"margin-top:0;margin-right:0;margin-bottom:0;margin-left:0\"><img loading=\"lazy\" decoding=\"async\" width=\"360\" height=\"360\" src=\"https:\/\/ato-tagung.de\/wp-content\/uploads\/2026\/08\/No_person_avatar.png\" alt=\"\" class=\"has-border-color wp-image-1487\" style=\"border-color:#2fa950;border-width:3px;border-top-left-radius:300px;border-top-right-radius:300px;border-bottom-left-radius:300px;border-bottom-right-radius:300px;aspect-ratio:1;object-fit:cover;object-position:44% 30%;width:202px;height:auto\" srcset=\"https:\/\/ato-tagung.de\/wp-content\/uploads\/2026\/08\/No_person_avatar.png 360w, https:\/\/ato-tagung.de\/wp-content\/uploads\/2026\/08\/No_person_avatar-300x300.png 300w, https:\/\/ato-tagung.de\/wp-content\/uploads\/2026\/08\/No_person_avatar-150x150.png 150w, https:\/\/ato-tagung.de\/wp-content\/uploads\/2026\/08\/No_person_avatar-12x12.png 12w\" sizes=\"auto, (max-width: 360px) 100vw, 360px\" \/><\/figure>\n<\/div>\n<\/div>\n\n\n\n<div class=\"wp-block-column is-layout-flow wp-block-column-is-layout-flow\" style=\"flex-basis:66.66%\">\n<div class=\"wp-block-group has-global-padding is-content-justification-left is-layout-constrained wp-container-core-group-is-layout-8c95e002 wp-block-group-is-layout-constrained\" style=\"padding-top:var(--wp--preset--spacing--40);padding-bottom:var(--wp--preset--spacing--40)\">\n<h3 class=\"wp-block-heading\">Frau Dr. Blatt<\/h3>\n\n\n\n<p class=\"has-medium-font-size wp-block-paragraph\">Generalsekret\u00e4rin der Deutschen Krebsgesellschaft<\/p>\n<\/div>\n<\/div>\n<\/div>\n\n\n\n<div class=\"wp-block-columns has-border-color has-custom-hellgrau-background-color has-background is-layout-flex wp-container-core-columns-is-layout-6b609bc8 wp-block-columns-is-layout-flex\" style=\"border-color:#d9d9d9;border-width:3px;border-top-left-radius:38px;border-top-right-radius:38px;border-bottom-left-radius:38px;border-bottom-right-radius:38px;padding-top:var(--wp--preset--spacing--20);padding-right:var(--wp--preset--spacing--20);padding-bottom:var(--wp--preset--spacing--20);padding-left:var(--wp--preset--spacing--20)\">\n<div class=\"wp-block-column is-layout-flow wp-block-column-is-layout-flow\" style=\"flex-basis:33.33%\">\n<div class=\"wp-block-group has-global-padding is-layout-constrained wp-container-core-group-is-layout-85ec7ad2 wp-block-group-is-layout-constrained\" style=\"margin-top:0;margin-bottom:0;padding-right:0;padding-left:0\">\n<figure class=\"wp-block-image aligncenter size-full is-resized has-custom-border is-style-rounded\" style=\"margin-top:0;margin-right:0;margin-bottom:0;margin-left:0\"><img loading=\"lazy\" decoding=\"async\" width=\"360\" height=\"360\" src=\"https:\/\/ato-tagung.de\/wp-content\/uploads\/2026\/08\/No_person_avatar.png\" alt=\"\" class=\"has-border-color wp-image-1487\" style=\"border-color:#2fa950;border-width:3px;border-top-left-radius:300px;border-top-right-radius:300px;border-bottom-left-radius:300px;border-bottom-right-radius:300px;aspect-ratio:1;object-fit:cover;object-position:44% 30%;width:202px;height:auto\" srcset=\"https:\/\/ato-tagung.de\/wp-content\/uploads\/2026\/08\/No_person_avatar.png 360w, https:\/\/ato-tagung.de\/wp-content\/uploads\/2026\/08\/No_person_avatar-300x300.png 300w, https:\/\/ato-tagung.de\/wp-content\/uploads\/2026\/08\/No_person_avatar-150x150.png 150w, https:\/\/ato-tagung.de\/wp-content\/uploads\/2026\/08\/No_person_avatar-12x12.png 12w\" sizes=\"auto, (max-width: 360px) 100vw, 360px\" \/><\/figure>\n<\/div>\n<\/div>\n\n\n\n<div class=\"wp-block-column is-layout-flow wp-block-column-is-layout-flow\" style=\"flex-basis:66.66%\">\n<div class=\"wp-block-group has-global-padding is-content-justification-left is-layout-constrained wp-container-core-group-is-layout-8c95e002 wp-block-group-is-layout-constrained\" style=\"padding-top:var(--wp--preset--spacing--40);padding-bottom:var(--wp--preset--spacing--40)\">\n<h3 class=\"wp-block-heading\">Herr Lorek<\/h3>\n\n\n\n<p class=\"has-medium-font-size wp-block-paragraph\">MdL<\/p>\n<\/div>\n<\/div>\n<\/div>\n\n\n\n<div class=\"wp-block-columns has-border-color has-custom-hellgrau-background-color has-background is-layout-flex wp-container-core-columns-is-layout-6b609bc8 wp-block-columns-is-layout-flex\" style=\"border-color:#d9d9d9;border-width:3px;border-top-left-radius:38px;border-top-right-radius:38px;border-bottom-left-radius:38px;border-bottom-right-radius:38px;padding-top:var(--wp--preset--spacing--20);padding-right:var(--wp--preset--spacing--20);padding-bottom:var(--wp--preset--spacing--20);padding-left:var(--wp--preset--spacing--20)\">\n<div class=\"wp-block-column is-layout-flow wp-block-column-is-layout-flow\" style=\"flex-basis:33.33%\">\n<div class=\"wp-block-group has-global-padding is-layout-constrained wp-container-core-group-is-layout-85ec7ad2 wp-block-group-is-layout-constrained\" style=\"margin-top:0;margin-bottom:0;padding-right:0;padding-left:0\">\n<figure class=\"wp-block-image aligncenter size-full is-resized has-custom-border is-style-rounded\" style=\"margin-top:0;margin-right:0;margin-bottom:0;margin-left:0\"><img loading=\"lazy\" decoding=\"async\" width=\"360\" height=\"360\" src=\"https:\/\/ato-tagung.de\/wp-content\/uploads\/2026\/08\/No_person_avatar.png\" alt=\"\" class=\"has-border-color wp-image-1487\" style=\"border-color:#2fa950;border-width:3px;border-top-left-radius:300px;border-top-right-radius:300px;border-bottom-left-radius:300px;border-bottom-right-radius:300px;aspect-ratio:1;object-fit:cover;object-position:44% 30%;width:202px;height:auto\" srcset=\"https:\/\/ato-tagung.de\/wp-content\/uploads\/2026\/08\/No_person_avatar.png 360w, https:\/\/ato-tagung.de\/wp-content\/uploads\/2026\/08\/No_person_avatar-300x300.png 300w, https:\/\/ato-tagung.de\/wp-content\/uploads\/2026\/08\/No_person_avatar-150x150.png 150w, https:\/\/ato-tagung.de\/wp-content\/uploads\/2026\/08\/No_person_avatar-12x12.png 12w\" sizes=\"auto, (max-width: 360px) 100vw, 360px\" \/><\/figure>\n<\/div>\n<\/div>\n\n\n\n<div class=\"wp-block-column is-layout-flow wp-block-column-is-layout-flow\" style=\"flex-basis:66.66%\">\n<div class=\"wp-block-group has-global-padding is-content-justification-left is-layout-constrained wp-container-core-group-is-layout-8c95e002 wp-block-group-is-layout-constrained\" style=\"padding-top:var(--wp--preset--spacing--40);padding-bottom:var(--wp--preset--spacing--40)\">\n<h3 class=\"wp-block-heading\">Herr Jenner<\/h3>\n\n\n\n<p class=\"has-medium-font-size wp-block-paragraph\">siehe oben<\/p>\n<\/div>\n<\/div>\n<\/div>\n\n\n\n<div class=\"wp-block-columns has-border-color has-custom-hellgrau-background-color has-background is-layout-flex wp-container-core-columns-is-layout-6b609bc8 wp-block-columns-is-layout-flex\" style=\"border-color:#d9d9d9;border-width:3px;border-top-left-radius:38px;border-top-right-radius:38px;border-bottom-left-radius:38px;border-bottom-right-radius:38px;padding-top:var(--wp--preset--spacing--20);padding-right:var(--wp--preset--spacing--20);padding-bottom:var(--wp--preset--spacing--20);padding-left:var(--wp--preset--spacing--20)\">\n<div class=\"wp-block-column is-layout-flow wp-block-column-is-layout-flow\" style=\"flex-basis:33.33%\">\n<div class=\"wp-block-group has-global-padding is-layout-constrained wp-container-core-group-is-layout-85ec7ad2 wp-block-group-is-layout-constrained\" style=\"margin-top:0;margin-bottom:0;padding-right:0;padding-left:0\">\n<figure class=\"wp-block-image aligncenter size-full is-resized has-custom-border is-style-rounded\" style=\"margin-top:0;margin-right:0;margin-bottom:0;margin-left:0\"><img loading=\"lazy\" decoding=\"async\" width=\"360\" height=\"360\" src=\"https:\/\/ato-tagung.de\/wp-content\/uploads\/2026\/08\/No_person_avatar.png\" alt=\"\" class=\"has-border-color wp-image-1487\" style=\"border-color:#2fa950;border-width:3px;border-top-left-radius:300px;border-top-right-radius:300px;border-bottom-left-radius:300px;border-bottom-right-radius:300px;aspect-ratio:1;object-fit:cover;object-position:44% 30%;width:202px;height:auto\" srcset=\"https:\/\/ato-tagung.de\/wp-content\/uploads\/2026\/08\/No_person_avatar.png 360w, https:\/\/ato-tagung.de\/wp-content\/uploads\/2026\/08\/No_person_avatar-300x300.png 300w, https:\/\/ato-tagung.de\/wp-content\/uploads\/2026\/08\/No_person_avatar-150x150.png 150w, https:\/\/ato-tagung.de\/wp-content\/uploads\/2026\/08\/No_person_avatar-12x12.png 12w\" sizes=\"auto, (max-width: 360px) 100vw, 360px\" \/><\/figure>\n<\/div>\n<\/div>\n\n\n\n<div class=\"wp-block-column is-layout-flow wp-block-column-is-layout-flow\" style=\"flex-basis:66.66%\">\n<div class=\"wp-block-group has-global-padding is-content-justification-left is-layout-constrained wp-container-core-group-is-layout-8c95e002 wp-block-group-is-layout-constrained\" style=\"padding-top:var(--wp--preset--spacing--40);padding-bottom:var(--wp--preset--spacing--40)\">\n<h3 class=\"wp-block-heading\">Frau Prof. Dr. med. Lengerke<\/h3>\n\n\n\n<p class=\"has-medium-font-size wp-block-paragraph\">Universit\u00e4tsklinikum T\u00fcbingen<\/p>\n<\/div>\n<\/div>\n<\/div>\n\n\n\n<div class=\"wp-block-columns has-border-color has-custom-hellgrau-background-color has-background is-layout-flex wp-container-core-columns-is-layout-6b609bc8 wp-block-columns-is-layout-flex\" style=\"border-color:#d9d9d9;border-width:3px;border-top-left-radius:38px;border-top-right-radius:38px;border-bottom-left-radius:38px;border-bottom-right-radius:38px;padding-top:var(--wp--preset--spacing--20);padding-right:var(--wp--preset--spacing--20);padding-bottom:var(--wp--preset--spacing--20);padding-left:var(--wp--preset--spacing--20)\">\n<div class=\"wp-block-column is-layout-flow wp-block-column-is-layout-flow\" style=\"flex-basis:33.33%\">\n<div class=\"wp-block-group has-global-padding is-layout-constrained wp-container-core-group-is-layout-85ec7ad2 wp-block-group-is-layout-constrained\" style=\"margin-top:0;margin-bottom:0;padding-right:0;padding-left:0\">\n<figure class=\"wp-block-image aligncenter size-full is-resized has-custom-border is-style-rounded\" style=\"margin-top:0;margin-right:0;margin-bottom:0;margin-left:0\"><img loading=\"lazy\" decoding=\"async\" width=\"360\" height=\"360\" src=\"https:\/\/ato-tagung.de\/wp-content\/uploads\/2026\/08\/No_person_avatar.png\" alt=\"\" class=\"has-border-color wp-image-1487\" style=\"border-color:#2fa950;border-width:3px;border-top-left-radius:300px;border-top-right-radius:300px;border-bottom-left-radius:300px;border-bottom-right-radius:300px;aspect-ratio:1;object-fit:cover;object-position:44% 30%;width:202px;height:auto\" srcset=\"https:\/\/ato-tagung.de\/wp-content\/uploads\/2026\/08\/No_person_avatar.png 360w, https:\/\/ato-tagung.de\/wp-content\/uploads\/2026\/08\/No_person_avatar-300x300.png 300w, https:\/\/ato-tagung.de\/wp-content\/uploads\/2026\/08\/No_person_avatar-150x150.png 150w, https:\/\/ato-tagung.de\/wp-content\/uploads\/2026\/08\/No_person_avatar-12x12.png 12w\" sizes=\"auto, (max-width: 360px) 100vw, 360px\" \/><\/figure>\n<\/div>\n<\/div>\n\n\n\n<div class=\"wp-block-column is-layout-flow wp-block-column-is-layout-flow\" style=\"flex-basis:66.66%\">\n<div class=\"wp-block-group has-global-padding is-content-justification-left is-layout-constrained wp-container-core-group-is-layout-8c95e002 wp-block-group-is-layout-constrained\" style=\"padding-top:var(--wp--preset--spacing--40);padding-bottom:var(--wp--preset--spacing--40)\">\n<h3 class=\"wp-block-heading\">Herr Prof. Dr. med. Schaich<\/h3>\n\n\n\n<p class=\"has-medium-font-size wp-block-paragraph\">Chefarzt<br>Leitung Onkologisches Zentrum<br>Leitung Leuk\u00e4mie- und Lymphomzentrum<\/p>\n<\/div>\n<\/div>\n<\/div>\n\n\n\n<div class=\"wp-block-columns has-border-color has-custom-hellgrau-background-color has-background is-layout-flex wp-container-core-columns-is-layout-6b609bc8 wp-block-columns-is-layout-flex\" style=\"border-color:#d9d9d9;border-width:3px;border-top-left-radius:38px;border-top-right-radius:38px;border-bottom-left-radius:38px;border-bottom-right-radius:38px;padding-top:var(--wp--preset--spacing--20);padding-right:var(--wp--preset--spacing--20);padding-bottom:var(--wp--preset--spacing--20);padding-left:var(--wp--preset--spacing--20)\">\n<div class=\"wp-block-column is-layout-flow wp-block-column-is-layout-flow\" style=\"flex-basis:33.33%\">\n<div class=\"wp-block-group has-global-padding is-layout-constrained wp-container-core-group-is-layout-85ec7ad2 wp-block-group-is-layout-constrained\" style=\"margin-top:0;margin-bottom:0;padding-right:0;padding-left:0\">\n<figure class=\"wp-block-image aligncenter size-full is-resized has-custom-border is-style-rounded\" style=\"margin-top:0;margin-right:0;margin-bottom:0;margin-left:0\"><img loading=\"lazy\" decoding=\"async\" width=\"360\" height=\"360\" src=\"https:\/\/ato-tagung.de\/wp-content\/uploads\/2026\/08\/No_person_avatar.png\" alt=\"\" class=\"has-border-color wp-image-1487\" style=\"border-color:#2fa950;border-width:3px;border-top-left-radius:300px;border-top-right-radius:300px;border-bottom-left-radius:300px;border-bottom-right-radius:300px;aspect-ratio:1;object-fit:cover;object-position:44% 30%;width:202px;height:auto\" srcset=\"https:\/\/ato-tagung.de\/wp-content\/uploads\/2026\/08\/No_person_avatar.png 360w, https:\/\/ato-tagung.de\/wp-content\/uploads\/2026\/08\/No_person_avatar-300x300.png 300w, https:\/\/ato-tagung.de\/wp-content\/uploads\/2026\/08\/No_person_avatar-150x150.png 150w, https:\/\/ato-tagung.de\/wp-content\/uploads\/2026\/08\/No_person_avatar-12x12.png 12w\" sizes=\"auto, (max-width: 360px) 100vw, 360px\" \/><\/figure>\n<\/div>\n<\/div>\n\n\n\n<div class=\"wp-block-column is-layout-flow wp-block-column-is-layout-flow\" style=\"flex-basis:66.66%\">\n<div class=\"wp-block-group has-global-padding is-content-justification-left is-layout-constrained wp-container-core-group-is-layout-8c95e002 wp-block-group-is-layout-constrained\" style=\"padding-top:var(--wp--preset--spacing--40);padding-bottom:var(--wp--preset--spacing--40)\">\n<h3 class=\"wp-block-heading\">Herr Dr. Zerweck<\/h3>\n\n\n\n<p class=\"has-medium-font-size wp-block-paragraph\">Zentrum Ambulante Onkologie Schorndorf<\/p>\n<\/div>\n<\/div>\n<\/div>","protected":false},"excerpt":{"rendered":"<p>Veranstalter Prof. Dr. med. Jan Harder Sprecher der ATOChefarzt II. Medizinische KlinikHegau Bodensee Klinikum GmbH Prof. Dr. med. Dr. h.c. Uwe Martens Vorstandsvorsitzender Krebsverband Baden-W\u00fcrttemberg e.V.Direktor der Klinik f\u00fcr Innere Medizin IIISLK-Kliniken Heilbronn GmbH Gru\u00dfworte Herr Hildenbrand Minister f\u00fcr Soziales, Arbeit und Gesundheit BW Herr Dr. Sigel Landrat Rems-Murr-Kreis Herr Mertel Gesch\u00e4ftsf\u00fchrer Rems-Murr-Kliniken GmbH Herr [&hellip;]<\/p>\n","protected":false},"author":1,"featured_media":0,"parent":0,"menu_order":0,"comment_status":"closed","ping_status":"closed","template":"seite-ohne-titel","meta":{"footnotes":""},"class_list":["post-107","page","type-page","status-publish","hentry"],"_links":{"self":[{"href":"https:\/\/ato-tagung.de\/en\/wp-json\/wp\/v2\/pages\/107","targetHints":{"allow":["GET"]}}],"collection":[{"href":"https:\/\/ato-tagung.de\/en\/wp-json\/wp\/v2\/pages"}],"about":[{"href":"https:\/\/ato-tagung.de\/en\/wp-json\/wp\/v2\/types\/page"}],"author":[{"embeddable":true,"href":"https:\/\/ato-tagung.de\/en\/wp-json\/wp\/v2\/users\/1"}],"replies":[{"embeddable":true,"href":"https:\/\/ato-tagung.de\/en\/wp-json\/wp\/v2\/comments?post=107"}],"version-history":[{"count":127,"href":"https:\/\/ato-tagung.de\/en\/wp-json\/wp\/v2\/pages\/107\/revisions"}],"predecessor-version":[{"id":1538,"href":"https:\/\/ato-tagung.de\/en\/wp-json\/wp\/v2\/pages\/107\/revisions\/1538"}],"wp:attachment":[{"href":"https:\/\/ato-tagung.de\/en\/wp-json\/wp\/v2\/media?parent=107"}],"curies":[{"name":"wp","href":"https:\/\/api.w.org\/{rel}","templated":true}]}}